{"id":3155,"date":"2026-01-13T21:12:30","date_gmt":"2026-01-13T21:12:30","guid":{"rendered":"https:\/\/ciencias.ens.uabc.mx\/herbario\/?page_id=3155"},"modified":"2026-01-15T02:19:55","modified_gmt":"2026-01-15T02:19:55","slug":"bibliografia","status":"publish","type":"page","link":"https:\/\/ciencias.ens.uabc.mx\/herbario\/bibliografia\/","title":{"rendered":"Bibliograf\u00eda"},"content":{"rendered":"\n<h1 class=\"has-text-align-center\">Bibliograf\u00eda de inter\u00e9s<\/h1>\n\n\n\n<hr class=\"wp-block-separator\"\/>\n\n\n\n<p>Esta secci\u00f3n re\u00fane una bibliograf\u00eda de referencia sobre la flora y la vegetaci\u00f3n de Baja California, seleccionada por su rigor cient\u00edfico, relevancia hist\u00f3rica y utilidad pr\u00e1ctica para la investigaci\u00f3n bot\u00e1nica y ecol\u00f3gica de la regi\u00f3n. Incluye trabajos cl\u00e1sicos y estudios recientes que abordan la diversidad flor\u00edstica, la biogeograf\u00eda, la ecolog\u00eda de comunidades vegetales, as\u00ed como aspectos taxon\u00f3micos y de conservaci\u00f3n. El objetivo es ofrecer un punto de partida s\u00f3lido para estudiantes, investigadores y personas interesadas en comprender los patrones y procesos que estructuran la vegetaci\u00f3n de la pen\u00ednsula, y facilitar el acceso a fuentes clave que han contribuido de manera sustantiva al conocimiento bot\u00e1nico de Baja California.<\/p>\n\n\n\n<hr class=\"wp-block-separator\"\/>\n\n\n\n<div class=\"wp-block-columns\">\n<div class=\"wp-block-column\">\n<h3 class=\"has-text-align-center\">Gu\u00edas de campo<\/h3>\n\n\n\n\t\t<!-- MasterSlider -->\n\t\t<div id=\"P_MS69f5c6c9341b1\" class=\"master-slider-parent msl ms-parent-id-39\" style=\"max-width:800px;\">\n\n\t\t\t\n\t\t\t<!-- MasterSlider Main -->\n\t\t\t<div id=\"MS69f5c6c9341b1\" class=\"master-slider ms-skin-black-2 round-skin\" >\n\t\t\t\t \t\t\t\t \n\t\t\t\t<div  class=\"ms-slide\" data-delay=\"3\" data-fill-mode=\"fill\"  >\n\t\t\t\t\t<img src=\"https:\/\/ciencias.ens.uabc.mx\/herbario\/wp-content\/plugins\/master-slider\/public\/assets\/css\/blank.gif\" alt=\"\" title=\"\" data-src=\"https:\/\/ciencias.ens.uabc.mx\/herbario\/wp-content\/uploads\/2026\/01\/Captura-de-pantalla-2026-01-13-135234.png\" \/>\n\t<a href=\"https:\/\/drive.google.com\/file\/d\/1vBNu44GbMP_NHwBTdss_nICR6AIU0qEn\/view?usp=sharing\"     ><\/a>\n\n\t\t\t\t\t<div class=\"ms-info\"><h4 style=\"text-align: center;\"><a href=\"https:\/\/drive.google.com\/file\/d\/1vBNu44GbMP_NHwBTdss_nICR6AIU0qEn\/view?usp=sharing\" target=\"_blank\" rel=\"noreferrer noopener\">Gu\u00eda de plantas de la regi\u00f3n del matorral roset\u00f3filo costero suculento del noroeste de Baja California<\/a><\/h4><\/div>\n\n\n\t<div class=\"ms-thumb\" ><div class=\"ms-tab-context\"><div class=&quot;ms-tab-context&quot;><\/div><\/div>\n<\/div>\n\t\t\t\t<\/div>\n\t\t\t\t<div  class=\"ms-slide\" data-delay=\"3\" data-fill-mode=\"fit\"  >\n\t\t\t\t\t<img src=\"https:\/\/ciencias.ens.uabc.mx\/herbario\/wp-content\/plugins\/master-slider\/public\/assets\/css\/blank.gif\" alt=\"\" title=\"\" data-src=\"https:\/\/ciencias.ens.uabc.mx\/herbario\/wp-content\/uploads\/2026\/01\/Captura-de-pantalla-2026-01-14-180648.png\" \/>\n\t<a href=\"https:\/\/drive.google.com\/file\/d\/1TVvA3js64_BMrmJpkeeEeb5_Fo_RSFHy\/view?usp=sharing\"     ><\/a>\n\n\t\t\t\t\t<div class=\"ms-info\"><h4 style=\"text-align: center;\"><a href=\"https:\/\/drive.google.com\/file\/d\/1TVvA3js64_BMrmJpkeeEeb5_Fo_RSFHy\/view?usp=sharing\">Invasive plants of the Sonoran Desert<\/a><\/h4><\/div>\n\n\n\t<div class=\"ms-thumb\" ><div class=\"ms-tab-context\"><div class=&quot;ms-tab-context&quot;><\/div><\/div>\n<\/div>\n\t\t\t\t<\/div>\n\t\t\t\t<div  class=\"ms-slide\" data-delay=\"3\" data-fill-mode=\"fit\"  >\n\t\t\t\t\t<img src=\"https:\/\/ciencias.ens.uabc.mx\/herbario\/wp-content\/plugins\/master-slider\/public\/assets\/css\/blank.gif\" alt=\"\" title=\"\" data-src=\"https:\/\/ciencias.ens.uabc.mx\/herbario\/wp-content\/uploads\/2026\/01\/Captura-de-pantalla-2026-01-14-180900.png\" \/>\n\t<a href=\"https:\/\/drive.google.com\/file\/d\/1IejWrfMgSj75NETuAtjTz6SaklVT8Osp\/view?usp=sharing\"     ><\/a>\n\n\t\t\t\t\t<div class=\"ms-info\"><h4 style=\"text-align: center;\"><a href=\"https:\/\/drive.google.com\/file\/d\/1IejWrfMgSj75NETuAtjTz6SaklVT8Osp\/view?usp=sharing\">Charcas vernales y sus plantas: Noroeste de Baja California<\/a><\/h4><\/div>\n\n\n\t<div class=\"ms-thumb\" ><div class=\"ms-tab-context\"><div class=&quot;ms-tab-context&quot;><\/div><\/div>\n<\/div>\n\t\t\t\t<\/div>\n\n\t\t\t<\/div>\n\t\t\t<!-- END MasterSlider Main -->\n\n\t\t\t \n\t\t<\/div>\n\t\t<!-- END MasterSlider -->\n\n\t\t<script>\n\t\t(function ( $ ) {\n\t\t\t\"use strict\";\n\n\t\t\t$(function () {\n\t\t\t\tvar masterslider_41b1 = new MasterSlider();\n\n\t\t\t\t\/\/ slider controls\n\t\t\t\tmasterslider_41b1.control('arrows'     ,{ autohide:true, overVideo:true  });\n\t\t\t\tmasterslider_41b1.control('slideinfo'  ,{ autohide:false, overVideo:true, dir:'h', align:'bottom',inset:false , margin:10   });\n\t\t\t\t\/\/ slider setup\n\t\t\t\tmasterslider_41b1.setup(\"MS69f5c6c9341b1\", {\n\t\t\t\t\t\twidth           : 800,\n\t\t\t\t\t\theight          : 480,\n\t\t\t\t\t\tminHeight       : 0,\n\t\t\t\t\t\tspace           : 0,\n\t\t\t\t\t\tstart           : 1,\n\t\t\t\t\t\tgrabCursor      : true,\n\t\t\t\t\t\tswipe           : true,\n\t\t\t\t\t\tmouse           : true,\n\t\t\t\t\t\tlayout          : \"boxed\",\n\t\t\t\t\t\twheel           : false,\n\t\t\t\t\t\tautoplay        : false,\n\t\t\t\t\t\tinstantStartLayers:false,\n\t\t\t\t\t\tloop            : true,\n\t\t\t\t\t\tshuffle         : false,\n\t\t\t\t\t\tpreload         : 0,\n\t\t\t\t\t\theightLimit     : true,\n\t\t\t\t\t\tautoHeight      : false,\n\t\t\t\t\t\tsmoothHeight    : true,\n\t\t\t\t\t\tendPause        : false,\n\t\t\t\t\t\toverPause       : true,\n\t\t\t\t\t\tfillMode        : \"fill\",\n\t\t\t\t\t\tcenterControls  : true,\n\t\t\t\t\t\tstartOnAppear   : false,\n\t\t\t\t\t\tlayersMode      : \"center\",\n\t\t\t\t\t\thideLayers      : false,\n\t\t\t\t\t\tfullscreenMargin: 0,\n\t\t\t\t\t\tspeed           : 20,\n\t\t\t\t\t\tdir             : \"h\",\n\t\t\t\t\t\tparallaxMode    : 'swipe',\n\t\t\t\t\t\tview            : \"basic\"\n\t\t\t\t});\n\n\t\t\t\t\n\t\t\t\twindow.masterslider_instances = window.masterslider_instances || [];\n\t\t\t\twindow.masterslider_instances.push( masterslider_41b1 );\n\t\t\t });\n\n\t\t})(jQuery);\n\t\t<\/script>\n\n\n<\/div>\n\n\n\n<div class=\"wp-block-column\">\n<h3 class=\"has-text-align-center\">Flora y vegetaci\u00f3n<\/h3>\n\n\n\n\t\t<!-- MasterSlider -->\n\t\t<div id=\"P_MS69f5c6c935564\" class=\"master-slider-parent msl ms-parent-id-36\" style=\"max-width:800px;\">\n\n\t\t\t\n\t\t\t<!-- MasterSlider Main -->\n\t\t\t<div id=\"MS69f5c6c935564\" class=\"master-slider ms-skin-black-2 round-skin\" >\n\t\t\t\t \t\t\t\t \n\t\t\t\t<div  class=\"ms-slide\" data-delay=\"3\" data-fill-mode=\"fit\"  >\n\t\t\t\t\t<img src=\"https:\/\/ciencias.ens.uabc.mx\/herbario\/wp-content\/plugins\/master-slider\/public\/assets\/css\/blank.gif\" alt=\"\" title=\"\" data-src=\"https:\/\/ciencias.ens.uabc.mx\/herbario\/wp-content\/uploads\/2026\/01\/Captura-de-pantalla-2026-01-13-200617.png\" \/>\n\t<a href=\"https:\/\/drive.google.com\/file\/d\/1uCHchUdhGmru9jI0bmqM9dw5Q9OR0ddb\/view?usp=sharing\"     ><\/a>\n\n\t\t\t\t\t<div class=\"ms-info\"><h4 style=\"text-align: center;\"><a href=\"https:\/\/drive.google.com\/file\/d\/1uCHchUdhGmru9jI0bmqM9dw5Q9OR0ddb\/view?usp=sharing\">Cact\u00e1ceas de M\u00e9xico<\/a><\/h4><\/div>\n\n\n\t<div class=\"ms-thumb\" ><div class=\"ms-tab-context\"><div class=&quot;ms-tab-context&quot;><\/div><\/div>\n<\/div>\n\t\t\t\t<\/div>\n\t\t\t\t<div  class=\"ms-slide\" data-delay=\"3\" data-fill-mode=\"fill\"  >\n\t\t\t\t\t<img src=\"https:\/\/ciencias.ens.uabc.mx\/herbario\/wp-content\/plugins\/master-slider\/public\/assets\/css\/blank.gif\" alt=\"\" title=\"\" data-src=\"https:\/\/ciencias.ens.uabc.mx\/herbario\/wp-content\/uploads\/2026\/01\/Captura-de-pantalla-2026-01-14-114822.png\" \/>\n\t<a href=\"https:\/\/drive.google.com\/file\/d\/1ivwgJszZ27y8tksdtGRbbxmNtNIpL-sS\/view?usp=sharing\"     ><\/a>\n\n\t\t\t\t\t<div class=\"ms-info\"><h4 style=\"text-align: center;\"><a href=\"https:\/\/drive.google.com\/file\/d\/1ivwgJszZ27y8tksdtGRbbxmNtNIpL-sS\/view?usp=sharing\">Vegetaci\u00f3n de M\u00e9xico<\/a><\/h4><\/div>\n\n\n\t<div class=\"ms-thumb\" ><div class=\"ms-tab-context\"><div class=&quot;ms-tab-context&quot;><\/div><\/div>\n<\/div>\n\t\t\t\t<\/div>\n\t\t\t\t<div  class=\"ms-slide\" data-delay=\"3\" data-fill-mode=\"fill\"  >\n\t\t\t\t\t<img src=\"https:\/\/ciencias.ens.uabc.mx\/herbario\/wp-content\/plugins\/master-slider\/public\/assets\/css\/blank.gif\" alt=\"\" title=\"\" data-src=\"https:\/\/ciencias.ens.uabc.mx\/herbario\/wp-content\/uploads\/2026\/01\/Captura-de-pantalla-2026-01-13-202607.png\" \/>\n\t<a href=\"https:\/\/drive.google.com\/file\/d\/1Ms-8txLzle09rFgd46aAyvQzBfUH4vak\/view?usp=sharing\"     ><\/a>\n\n\t\t\t\t\t<div class=\"ms-info\"><h4 style=\"text-align: center;\"><a href=\"https:\/\/drive.google.com\/file\/d\/1Ms-8txLzle09rFgd46aAyvQzBfUH4vak\/view?usp=sharing\">Sierra de Juarez<\/a><\/h4><\/div>\n\n\n\t<div class=\"ms-thumb\" ><div class=\"ms-tab-context\"><div class=&quot;ms-tab-context&quot;><\/div><\/div>\n<\/div>\n\t\t\t\t<\/div>\n\t\t\t\t<div  class=\"ms-slide\" data-delay=\"3\" data-fill-mode=\"fit\"  >\n\t\t\t\t\t<img src=\"https:\/\/ciencias.ens.uabc.mx\/herbario\/wp-content\/plugins\/master-slider\/public\/assets\/css\/blank.gif\" alt=\"\" title=\"\" data-src=\"https:\/\/ciencias.ens.uabc.mx\/herbario\/wp-content\/uploads\/2026\/01\/Captura-de-pantalla-2026-01-13-202351.png\" \/>\n\t<a href=\"https:\/\/drive.google.com\/file\/d\/13N5LuhZdGO7-GevAf8Y5GbSDaftIZwEJ\/view?usp=sharing\"     ><\/a>\n\n\t\t\t\t\t<div class=\"ms-info\"><h4 style=\"text-align: center;\"><a href=\"https:\/\/drive.google.com\/file\/d\/13N5LuhZdGO7-GevAf8Y5GbSDaftIZwEJ\/view?usp=sharing\">Manual de t\u00e9cnicas de propagaci\u00f3n por semillas de 15 especies nativas arbustivas de la regi\u00f3n mediterr\u00e1nea de Baja California<\/a><\/h4><\/div>\n\n\n\t<div class=\"ms-thumb\" ><div class=\"ms-tab-context\"><div class=&quot;ms-tab-context&quot;><\/div><\/div>\n<\/div>\n\t\t\t\t<\/div>\n\t\t\t\t<div  class=\"ms-slide\" data-delay=\"3\" data-fill-mode=\"fit\"  >\n\t\t\t\t\t<img src=\"https:\/\/ciencias.ens.uabc.mx\/herbario\/wp-content\/plugins\/master-slider\/public\/assets\/css\/blank.gif\" alt=\"\" title=\"\" data-src=\"https:\/\/ciencias.ens.uabc.mx\/herbario\/wp-content\/uploads\/2026\/01\/Captura-de-pantalla-2026-01-13-190256.png\" \/>\n\t<a href=\"https:\/\/www.researchgate.net\/publication\/271964806_Catalogo_de_Humedales_Dulceacuicolas_de_Baja_California_Sur\"     ><\/a>\n\n\t\t\t\t\t<div class=\"ms-info\"><h4 style=\"text-align: center;\"><a href=\"https:\/\/www.researchgate.net\/publication\/271964806_Catalogo_de_Humedales_Dulceacuicolas_de_Baja_California_Sur\">Cat\u00e1logo de Humedales Dulceacu\u00edcolas de Baja California Sur<\/a><\/h4><\/div>\n\n\n\t<div class=\"ms-thumb\" ><div class=\"ms-tab-context\"><div class=&quot;ms-tab-context&quot;><\/div><\/div>\n<\/div>\n\t\t\t\t<\/div>\n\t\t\t\t<div  class=\"ms-slide\" data-delay=\"3\" data-fill-mode=\"fit\"  >\n\t\t\t\t\t<img src=\"https:\/\/ciencias.ens.uabc.mx\/herbario\/wp-content\/plugins\/master-slider\/public\/assets\/css\/blank.gif\" alt=\"\" title=\"\" data-src=\"https:\/\/ciencias.ens.uabc.mx\/herbario\/wp-content\/uploads\/2026\/01\/Captura-de-pantalla-2026-01-13-201416.png\" \/>\n\t<a href=\"https:\/\/drive.google.com\/file\/d\/1AiL4Nf6jLHFyGZGz4MWFbV1QY1gn6kQD\/view?usp=sharing\"     ><\/a>\n\n\t\t\t\t\t<div class=\"ms-info\"><h4 style=\"text-align: center;\"><a href=\"https:\/\/drive.google.com\/file\/d\/1AiL4Nf6jLHFyGZGz4MWFbV1QY1gn6kQD\/view?usp=sharing\">La sexta extinci\u00f3n<\/a><\/h4><\/div>\n\n\n\t<div class=\"ms-thumb\" ><div class=\"ms-tab-context\"><div class=&quot;ms-tab-context&quot;><\/div><\/div>\n<\/div>\n\t\t\t\t<\/div>\n\t\t\t\t<div  class=\"ms-slide\" data-delay=\"3\" data-fill-mode=\"fit\"  >\n\t\t\t\t\t<img src=\"https:\/\/ciencias.ens.uabc.mx\/herbario\/wp-content\/plugins\/master-slider\/public\/assets\/css\/blank.gif\" alt=\"\" title=\"\" data-src=\"https:\/\/ciencias.ens.uabc.mx\/herbario\/wp-content\/uploads\/2026\/01\/Captura-de-pantalla-2026-01-13-190436.png\" \/>\n\t<a href=\"https:\/\/drive.google.com\/file\/d\/1DoOhOyGs_cHYGkaLnVyh5LJ6EY51j7J_\/view?usp=sharing\"     ><\/a>\n\n\t\t\t\t\t<div class=\"ms-info\"><h4 style=\"text-align: center;\"><a href=\"https:\/\/drive.google.com\/file\/d\/1DoOhOyGs_cHYGkaLnVyh5LJ6EY51j7J_\/view?usp=sharing\">Atlas de Bot\u00e1nica<\/a><\/h4><\/div>\n\n\n\t<div class=\"ms-thumb\" ><div class=\"ms-tab-context\"><div class=&quot;ms-tab-context&quot;><\/div><\/div>\n<\/div>\n\t\t\t\t<\/div>\n\t\t\t\t<div  class=\"ms-slide\" data-delay=\"3\" data-fill-mode=\"fit\"  >\n\t\t\t\t\t<img src=\"https:\/\/ciencias.ens.uabc.mx\/herbario\/wp-content\/plugins\/master-slider\/public\/assets\/css\/blank.gif\" alt=\"\" title=\"\" data-src=\"https:\/\/ciencias.ens.uabc.mx\/herbario\/wp-content\/uploads\/2026\/01\/Captura-de-pantalla-2026-01-13-135234.png\" \/>\n\t<a href=\"https:\/\/drive.google.com\/file\/d\/1vBNu44GbMP_NHwBTdss_nICR6AIU0qEn\/view?usp=sharing\"     ><\/a>\n\n\t\t\t\t\t<div class=\"ms-info\"><h4 style=\"text-align: center;\"><a href=\"https:\/\/drive.google.com\/file\/d\/1vBNu44GbMP_NHwBTdss_nICR6AIU0qEn\/view?usp=sharing\" target=\"_blank\" rel=\"noreferrer noopener\">Gu\u00eda de plantas de la regi\u00f3n del matorral roset\u00f3filo costero suculento del noroeste de Baja California<\/a><\/h4><\/div>\n\n\n\t<div class=\"ms-thumb\" ><div class=\"ms-tab-context\"><div class=&quot;ms-tab-context&quot;><\/div><\/div>\n<\/div>\n\t\t\t\t<\/div>\n\t\t\t\t<div  class=\"ms-slide\" data-delay=\"3\" data-fill-mode=\"fit\"  >\n\t\t\t\t\t<img src=\"https:\/\/ciencias.ens.uabc.mx\/herbario\/wp-content\/plugins\/master-slider\/public\/assets\/css\/blank.gif\" alt=\"\" title=\"\" data-src=\"https:\/\/ciencias.ens.uabc.mx\/herbario\/wp-content\/uploads\/2026\/01\/Captura-de-pantalla-2026-01-13-134714.png\" \/>\n\t<a href=\"https:\/\/drive.google.com\/file\/d\/1uc2R2lg4yYmFmaQmSu2f7L5B17qEJI3k\/view?usp=sharing\"     ><\/a>\n\n\t\t\t\t\t<div class=\"ms-info\"><h4 style=\"text-align: center;\"><a href=\"https:\/\/drive.google.com\/file\/d\/1uc2R2lg4yYmFmaQmSu2f7L5B17qEJI3k\/view?usp=sharing\" target=\"_blank\" rel=\"noreferrer noopener\">El bosque de con\u00edferas de la Sierra de San Pedro M\u00e1rtir<\/a><\/h4><\/div>\n\n\n\t<div class=\"ms-thumb\" ><div class=\"ms-tab-context\"><div class=&quot;ms-tab-context&quot;><\/div><\/div>\n<\/div>\n\t\t\t\t<\/div>\n\t\t\t\t<div  class=\"ms-slide\" data-delay=\"3\" data-fill-mode=\"fit\"  >\n\t\t\t\t\t<img src=\"https:\/\/ciencias.ens.uabc.mx\/herbario\/wp-content\/plugins\/master-slider\/public\/assets\/css\/blank.gif\" alt=\"\" title=\"\" data-src=\"https:\/\/ciencias.ens.uabc.mx\/herbario\/wp-content\/uploads\/2026\/01\/Captura-de-pantalla-2026-01-13-134443.png\" \/>\n\t<a href=\"https:\/\/drive.google.com\/file\/d\/15vkxWHMn9Tq5H6YK_r15YgccpED0rFC4\/view?usp=sharing\"     ><\/a>\n\n\t\t\t\t\t<div class=\"ms-info\"><h4 style=\"text-align: center;\"><a href=\"https:\/\/drive.google.com\/file\/d\/15vkxWHMn9Tq5H6YK_r15YgccpED0rFC4\/view?usp=sharing\">La vegetaci\u00f3n de la Pen\u00ednsula de Baja California<\/a><\/h4><\/div>\n\n\n\t<div class=\"ms-thumb\" ><div class=\"ms-tab-context\"><div class=&quot;ms-tab-context&quot;><\/div><\/div>\n<\/div>\n\t\t\t\t<\/div>\n\t\t\t\t<div  class=\"ms-slide\" data-delay=\"3\" data-fill-mode=\"fill\"  >\n\t\t\t\t\t<img src=\"https:\/\/ciencias.ens.uabc.mx\/herbario\/wp-content\/plugins\/master-slider\/public\/assets\/css\/blank.gif\" alt=\"\" title=\"\" data-src=\"https:\/\/ciencias.ens.uabc.mx\/herbario\/wp-content\/uploads\/2026\/01\/Captura-de-pantalla-2026-01-13-201521.png\" \/>\n\t<a href=\"https:\/\/drive.google.com\/file\/d\/1ZmAMSQ62hAI3Mo6YfBjHytRbHvWYLpRf\/view?usp=sharing\"     ><\/a>\n\n\t\t\t\t\t<div class=\"ms-info\"><h4 style=\"text-align: center;\"><a href=\"https:\/\/drive.google.com\/file\/d\/1ZmAMSQ62hAI3Mo6YfBjHytRbHvWYLpRf\/view?usp=sharing\">Las comunidades vegetales de M\u00e9xico<\/a><\/h4><\/div>\n\n\n\t<div class=\"ms-thumb\" ><div class=\"ms-tab-context\"><div class=&quot;ms-tab-context&quot;><\/div><\/div>\n<\/div>\n\t\t\t\t<\/div>\n\t\t\t\t<div  class=\"ms-slide\" data-delay=\"3\" data-fill-mode=\"fit\"  >\n\t\t\t\t\t<img src=\"https:\/\/ciencias.ens.uabc.mx\/herbario\/wp-content\/plugins\/master-slider\/public\/assets\/css\/blank.gif\" alt=\"\" title=\"\" data-src=\"https:\/\/ciencias.ens.uabc.mx\/herbario\/wp-content\/uploads\/2026\/01\/Captura-de-pantalla-2026-01-13-135740.png\" \/>\n\t<a href=\"https:\/\/drive.google.com\/file\/d\/15G8Q2gXTbvn01nlCiZloGMfmAHfT5rgs\/view?usp=sharing\"     ><\/a>\n\n\t\t\t\t\t<div class=\"ms-info\"><h4 style=\"text-align: center;\"><a href=\"https:\/\/drive.google.com\/file\/d\/15G8Q2gXTbvn01nlCiZloGMfmAHfT5rgs\/view?usp=sharing\">Pisos de vegetaci\u00f3n de Baja California<\/a><\/h4><\/div>\n\n\n\t<div class=\"ms-thumb\" ><div class=\"ms-tab-context\"><div class=&quot;ms-tab-context&quot;><\/div><\/div>\n<\/div>\n\t\t\t\t<\/div>\n\t\t\t\t<div  class=\"ms-slide\" data-delay=\"3\" data-fill-mode=\"fill\"  >\n\t\t\t\t\t<img src=\"https:\/\/ciencias.ens.uabc.mx\/herbario\/wp-content\/plugins\/master-slider\/public\/assets\/css\/blank.gif\" alt=\"\" title=\"\" data-src=\"https:\/\/ciencias.ens.uabc.mx\/herbario\/wp-content\/uploads\/2026\/01\/Captura-de-pantalla-2026-01-13-201642.png\" \/>\n\t<a href=\"https:\/\/drive.google.com\/file\/d\/13VguSsCt886hqkqguGwswtIYBaLwAdVd\/view?usp=sharing\"     ><\/a>\n\n\t\t\t\t\t<div class=\"ms-info\"><h4 style=\"text-align: center;\"><a href=\"https:\/\/drive.google.com\/file\/d\/13VguSsCt886hqkqguGwswtIYBaLwAdVd\/view?usp=sharing\">La vida secreta de las plantas<\/a><\/h4><\/div>\n\n\n\t<div class=\"ms-thumb\" ><div class=\"ms-tab-context\"><div class=&quot;ms-tab-context&quot;><\/div><\/div>\n<\/div>\n\t\t\t\t<\/div>\n\t\t\t\t<div  class=\"ms-slide\" data-delay=\"3\" data-fill-mode=\"fit\"  >\n\t\t\t\t\t<img src=\"https:\/\/ciencias.ens.uabc.mx\/herbario\/wp-content\/plugins\/master-slider\/public\/assets\/css\/blank.gif\" alt=\"\" title=\"\" data-src=\"https:\/\/ciencias.ens.uabc.mx\/herbario\/wp-content\/uploads\/2026\/01\/Captura-de-pantalla-2026-01-13-190729.png\" \/>\n\t<a href=\"https:\/\/drive.google.com\/file\/d\/1tXdtIMffwzSbcaI1yh-_zeiFlc8Dgx6d\/view?usp=sharing\"     ><\/a>\n\n\t\t\t\t\t<div class=\"ms-info\"><h4 style=\"text-align: center;\"><a href=\"https:\/\/drive.google.com\/file\/d\/1tXdtIMffwzSbcaI1yh-_zeiFlc8Dgx6d\/view?usp=sharing\">Biotic comunities of the American Southwest-United States and M\u00e9xico<\/a><\/h4><\/div>\n\n\n\t<div class=\"ms-thumb\" ><div class=\"ms-tab-context\"><div class=&quot;ms-tab-context&quot;><\/div><\/div>\n<\/div>\n\t\t\t\t<\/div>\n\t\t\t\t<div  class=\"ms-slide\" data-delay=\"3\" data-fill-mode=\"fill\"  >\n\t\t\t\t\t<img src=\"https:\/\/ciencias.ens.uabc.mx\/herbario\/wp-content\/plugins\/master-slider\/public\/assets\/css\/blank.gif\" alt=\"\" title=\"\" data-src=\"https:\/\/ciencias.ens.uabc.mx\/herbario\/wp-content\/uploads\/2026\/01\/Captura-de-pantalla-2026-01-13-201822.png\" \/>\n\t<a href=\"https:\/\/drive.google.com\/file\/d\/1CF5xMA3awUSnkpPLCzUbxbNGGFiD_8JD\/view?usp=sharing\"     ><\/a>\n\n\t\t\t\t\t<div class=\"ms-info\"><h4 style=\"text-align: center;\"><a href=\"https:\/\/drive.google.com\/file\/d\/1CF5xMA3awUSnkpPLCzUbxbNGGFiD_8JD\/view?usp=sharing\">Manual de t\u00e9cnicas de selectas para la evaluaci\u00f3n de poblaciones de fauna silvestre de inter\u00e9s cineg\u00e9tico en Baja California<\/a><\/h4><\/div>\n\n\n\t<div class=\"ms-thumb\" ><div class=\"ms-tab-context\"><div class=&quot;ms-tab-context&quot;><\/div><\/div>\n<\/div>\n\t\t\t\t<\/div>\n\t\t\t\t<div  class=\"ms-slide\" data-delay=\"3\" data-fill-mode=\"fit\"  >\n\t\t\t\t\t<img src=\"https:\/\/ciencias.ens.uabc.mx\/herbario\/wp-content\/plugins\/master-slider\/public\/assets\/css\/blank.gif\" alt=\"\" title=\"\" data-src=\"https:\/\/ciencias.ens.uabc.mx\/herbario\/wp-content\/uploads\/2026\/01\/Captura-de-pantalla-2026-01-13-140023.png\" \/>\n\t<a href=\"https:\/\/www.researchgate.net\/publication\/28268800_Fitogeografia_de_la_peninsula_de_Baja_California_Mexico\"     ><\/a>\n\n\t\t\t\t\t<div class=\"ms-info\"><h4 style=\"text-align: center;\"><a href=\"https:\/\/www.researchgate.net\/publication\/28268800_Fitogeografia_de_la_peninsula_de_Baja_California_Mexico\">Fitogeograf\u00eda de la Pen\u00ednsula de Baja California<\/a><\/h4><\/div>\n\n\n\t<div class=\"ms-thumb\" ><div class=\"ms-tab-context\"><div class=&quot;ms-tab-context&quot;><\/div><\/div>\n<\/div>\n\t\t\t\t<\/div>\n\t\t\t\t<div  class=\"ms-slide\" data-delay=\"3\" data-fill-mode=\"fit\"  >\n\t\t\t\t\t<img src=\"https:\/\/ciencias.ens.uabc.mx\/herbario\/wp-content\/plugins\/master-slider\/public\/assets\/css\/blank.gif\" alt=\"\" title=\"\" data-src=\"https:\/\/ciencias.ens.uabc.mx\/herbario\/wp-content\/uploads\/2026\/01\/Captura-de-pantalla-2026-01-13-202730.png\" \/>\n\t<a href=\"https:\/\/drive.google.com\/file\/d\/151EfOzC3vVbQjWWnhgc0Lsf3aD_JE6tZ\/view?usp=sharing\"     ><\/a>\n\n\t\t\t\t\t<div class=\"ms-info\"><h4 style=\"text-align: center;\"><a href=\"https:\/\/drive.google.com\/file\/d\/151EfOzC3vVbQjWWnhgc0Lsf3aD_JE6tZ\/view?usp=sharing\">Modificaciones al sistema de clasificaci\u00f3n clim\u00e1tica de K\u00f6ppen<\/a><\/h4><\/div>\n\n\n\t<div class=\"ms-thumb\" ><div class=\"ms-tab-context\"><div class=&quot;ms-tab-context&quot;><\/div><\/div>\n<\/div>\n\t\t\t\t<\/div>\n\t\t\t\t<div  class=\"ms-slide\" data-delay=\"3\" data-fill-mode=\"fit\"  >\n\t\t\t\t\t<img src=\"https:\/\/ciencias.ens.uabc.mx\/herbario\/wp-content\/plugins\/master-slider\/public\/assets\/css\/blank.gif\" alt=\"\" title=\"\" data-src=\"https:\/\/ciencias.ens.uabc.mx\/herbario\/wp-content\/uploads\/2026\/01\/Captura-de-pantalla-2026-01-13-140232.png\" \/>\n\t<a href=\"https:\/\/www.scielo.org.mx\/scielo.php?script=sci_arttext&#038;pid=S2007-42982013000400005\"     ><\/a>\n\n\t\t\t\t\t<div class=\"ms-info\"><h4 style=\"text-align: center;\"><a href=\"https:\/\/www.scielo.org.mx\/scielo.php?script=sci_arttext&amp;pid=S2007-42982013000400005\">Plantas no nativas naturalizadas de la Pen\u00ednsula de Baja California<\/a><\/h4><\/div>\n\n\n\t<div class=\"ms-thumb\" ><div class=\"ms-tab-context\"><div class=&quot;ms-tab-context&quot;><\/div><\/div>\n<\/div>\n\t\t\t\t<\/div>\n\t\t\t\t<div  class=\"ms-slide\" data-delay=\"3\" data-fill-mode=\"fit\"  >\n\t\t\t\t\t<img src=\"https:\/\/ciencias.ens.uabc.mx\/herbario\/wp-content\/plugins\/master-slider\/public\/assets\/css\/blank.gif\" alt=\"\" title=\"\" data-src=\"https:\/\/ciencias.ens.uabc.mx\/herbario\/wp-content\/uploads\/2026\/01\/Captura-de-pantalla-2026-01-13-140439.png\" \/>\n\t<a href=\"https:\/\/www.researchgate.net\/publication\/344015969_RELACIONES_BIOCLIMATICAS_Y_BIOGEOGRAFICAS_DE_LA_VEGETACION_POTENCIAL_A_LO_LARGO_DE_UN_DOBLE_MACROTRANSECTO_COSTA_A_COSTA_POR_EL_CENTRO_DE_ESTADOS_UNIDOS\"     ><\/a>\n\n\t\t\t\t\t<div class=\"ms-info\"><h4 style=\"text-align: center;\"><a href=\"https:\/\/www.researchgate.net\/publication\/344015969_RELACIONES_BIOCLIMATICAS_Y_BIOGEOGRAFICAS_DE_LA_VEGETACION_POTENCIAL_A_LO_LARGO_DE_UN_DOBLE_MACROTRANSECTO_COSTA_A_COSTA_POR_EL_CENTRO_DE_ESTADOS_UNIDOS\">Relaciones bioclim\u00e1ticas y biogreogr\u00e1ficas de la vegetaci\u00f3n potencial a lo largo de un doble macrotransecto costa a costa por el centro de Estados Unidos<\/a><\/h4><\/div>\n\n\n\t<div class=\"ms-thumb\" ><div class=\"ms-tab-context\"><div class=&quot;ms-tab-context&quot;><\/div><\/div>\n<\/div>\n\t\t\t\t<\/div>\n\t\t\t\t<div  class=\"ms-slide\" data-delay=\"3\" data-fill-mode=\"fit\"  >\n\t\t\t\t\t<img src=\"https:\/\/ciencias.ens.uabc.mx\/herbario\/wp-content\/plugins\/master-slider\/public\/assets\/css\/blank.gif\" alt=\"\" title=\"\" data-src=\"https:\/\/ciencias.ens.uabc.mx\/herbario\/wp-content\/uploads\/2026\/01\/Captura-de-pantalla-2026-01-13-140646.png\" \/>\n\t<a href=\"https:\/\/www.researchgate.net\/publication\/327655056_El_conocimiento_floristico_actual_del_Noroeste_de_Mexico_Desarrollo_recuento_y_analisis_del_endemismo\"     ><\/a>\n\n\t\t\t\t\t<div class=\"ms-info\"><h4 style=\"text-align: center;\"><a href=\"https:\/\/www.researchgate.net\/publication\/327655056_El_conocimiento_floristico_actual_del_Noroeste_de_Mexico_Desarrollo_recuento_y_analisis_del_endemismo\">El conocimiento flor\u00edstico actual del Noroeste de M\u00e9xico: Desarrollo, recuento y an\u00e1lisis del endemismo<\/a><\/h4><\/div>\n\n\n\t<div class=\"ms-thumb\" ><div class=\"ms-tab-context\"><div class=&quot;ms-tab-context&quot;><\/div><\/div>\n<\/div>\n\t\t\t\t<\/div>\n\t\t\t\t<div  class=\"ms-slide\" data-delay=\"3\" data-fill-mode=\"fit\"  >\n\t\t\t\t\t<img src=\"https:\/\/ciencias.ens.uabc.mx\/herbario\/wp-content\/plugins\/master-slider\/public\/assets\/css\/blank.gif\" alt=\"\" title=\"\" data-src=\"https:\/\/ciencias.ens.uabc.mx\/herbario\/wp-content\/uploads\/2026\/01\/Captura-de-pantalla-2026-01-13-141204.png\" \/>\n\t<a href=\"https:\/\/www.researchgate.net\/publication\/302633705_PLANT_DIVERSITY_AND_ENDEMISM_IN_THE_CALIFORNIA_FLORISTIC_PROVINCE\"     ><\/a>\n\n\t\t\t\t\t<div class=\"ms-info\"><h4 style=\"text-align: center;\"><a href=\"https:\/\/www.researchgate.net\/publication\/302633705_PLANT_DIVERSITY_AND_ENDEMISM_IN_THE_CALIFORNIA_FLORISTIC_PROVINCE\">Plant Diversity and endemism in the California Floristic Province<\/a><\/h4><\/div>\n\n\n\t<div class=\"ms-thumb\" ><div class=\"ms-tab-context\"><div class=&quot;ms-tab-context&quot;><\/div><\/div>\n<\/div>\n\t\t\t\t<\/div>\n\t\t\t\t<div  class=\"ms-slide\" data-delay=\"3\" data-fill-mode=\"fill\"  >\n\t\t\t\t\t<img src=\"https:\/\/ciencias.ens.uabc.mx\/herbario\/wp-content\/plugins\/master-slider\/public\/assets\/css\/blank.gif\" alt=\"\" title=\"\" data-src=\"https:\/\/ciencias.ens.uabc.mx\/herbario\/wp-content\/uploads\/2026\/01\/Captura-de-pantalla-2026-01-13-141736.png\" \/>\n\t<a href=\"https:\/\/www.researchgate.net\/publication\/283644008_Phenotypic_variation_of_flowering_and_vegetative_morphological_traits_along_the_distribution_for_the_endemic_species_Yucca_capensis_Agavaceae\"     ><\/a>\n\n\t\t\t\t\t<div class=\"ms-info\"><h4 style=\"text-align: center;\"><a href=\"https:\/\/www.researchgate.net\/publication\/283644008_Phenotypic_variation_of_flowering_and_vegetative_morphological_traits_along_the_distribution_for_the_endemic_species_Yucca_capensis_Agavaceae\">Phenotypic variation of flowering and vegetative morphological traits along the distribution for the endemic species Yucca capensis (Agavaceae)<\/a><\/h4><\/div>\n\n\n\t<div class=\"ms-thumb\" ><div class=\"ms-tab-context\"><div class=&quot;ms-tab-context&quot;><\/div><\/div>\n<\/div>\n\t\t\t\t<\/div>\n\t\t\t\t<div  class=\"ms-slide\" data-delay=\"3\" data-fill-mode=\"fill\"  >\n\t\t\t\t\t<img src=\"https:\/\/ciencias.ens.uabc.mx\/herbario\/wp-content\/plugins\/master-slider\/public\/assets\/css\/blank.gif\" alt=\"\" title=\"\" data-src=\"https:\/\/ciencias.ens.uabc.mx\/herbario\/wp-content\/uploads\/2026\/01\/Captura-de-pantalla-2026-01-13-190036.png\" \/>\n\t<a href=\"https:\/\/www.researchgate.net\/publication\/280684034_Vegetation_patterns_in_the_Mediterranean-desert_ecotone_of_Baja_California_Mexico\"     ><\/a>\n\n\t\t\t\t\t<div class=\"ms-info\"><h4 style=\"text-align: center;\"><a href=\"https:\/\/www.researchgate.net\/publication\/280684034_Vegetation_patterns_in_the_Mediterranean-desert_ecotone_of_Baja_California_Mexico\">Vegetation patterns in the Mediterranean-desert ecotone of Baja California, Mexico<\/a><\/h4><\/div>\n\n\n\t<div class=\"ms-thumb\" ><div class=\"ms-tab-context\"><div class=&quot;ms-tab-context&quot;><\/div><\/div>\n<\/div>\n\t\t\t\t<\/div>\n\t\t\t\t<div  class=\"ms-slide\" data-delay=\"3\" data-fill-mode=\"fit\"  >\n\t\t\t\t\t<img src=\"https:\/\/ciencias.ens.uabc.mx\/herbario\/wp-content\/plugins\/master-slider\/public\/assets\/css\/blank.gif\" alt=\"\" title=\"\" data-src=\"https:\/\/ciencias.ens.uabc.mx\/herbario\/wp-content\/uploads\/2026\/01\/Captura-de-pantalla-2026-01-13-201134.png\" \/>\n\t<a href=\"https:\/\/drive.google.com\/file\/d\/1oMJpc_F4VcFrBP33rKevbRN7jG9g0bWh\/view?usp=sharing\"     ><\/a>\n\n\t\t\t\t\t<div class=\"ms-info\"><h4 style=\"text-align: center;\"><a href=\"https:\/\/drive.google.com\/file\/d\/1oMJpc_F4VcFrBP33rKevbRN7jG9g0bWh\/view?usp=sharing\">Encinos de M\u00e9xico<\/a><\/h4><\/div>\n\n\n\t<div class=\"ms-thumb\" ><div class=\"ms-tab-context\"><div class=&quot;ms-tab-context&quot;><\/div><\/div>\n<\/div>\n\t\t\t\t<\/div>\n\t\t\t\t<div  class=\"ms-slide\" data-delay=\"3\" data-fill-mode=\"fill\"  >\n\t\t\t\t\t<img src=\"https:\/\/ciencias.ens.uabc.mx\/herbario\/wp-content\/plugins\/master-slider\/public\/assets\/css\/blank.gif\" alt=\"\" title=\"\" data-src=\"https:\/\/ciencias.ens.uabc.mx\/herbario\/wp-content\/uploads\/2026\/01\/Captura-de-pantalla-2026-01-14-114316.png\" \/>\n\t<a href=\"https:\/\/drive.google.com\/file\/d\/1HoBu5DaS4Y782DAF1IdrM-EZ2gKcASDv\/view?usp=sharing\"     ><\/a>\n\n\t\t\t\t\t<div class=\"ms-info\"><h4 style=\"text-align: center;\"><a href=\"https:\/\/drive.google.com\/file\/d\/1HoBu5DaS4Y782DAF1IdrM-EZ2gKcASDv\/view?usp=sharing\">Tipos de vegetaci\u00f3n de M\u00e9xico<\/a><\/h4><\/div>\n\n\n\t<div class=\"ms-thumb\" ><div class=\"ms-tab-context\"><div class=&quot;ms-tab-context&quot;><\/div><\/div>\n<\/div>\n\t\t\t\t<\/div>\n\n\t\t\t<\/div>\n\t\t\t<!-- END MasterSlider Main -->\n\n\t\t\t \n\t\t<\/div>\n\t\t<!-- END MasterSlider -->\n\n\t\t<script>\n\t\t(function ( $ ) {\n\t\t\t\"use strict\";\n\n\t\t\t$(function () {\n\t\t\t\tvar masterslider_5564 = new MasterSlider();\n\n\t\t\t\t\/\/ slider controls\n\t\t\t\tmasterslider_5564.control('arrows'     ,{ autohide:true, overVideo:true  });\n\t\t\t\tmasterslider_5564.control('slideinfo'  ,{ autohide:false, overVideo:true, dir:'h', align:'bottom',inset:false , margin:10   });\n\t\t\t\t\/\/ slider setup\n\t\t\t\tmasterslider_5564.setup(\"MS69f5c6c935564\", {\n\t\t\t\t\t\twidth           : 800,\n\t\t\t\t\t\theight          : 480,\n\t\t\t\t\t\tminHeight       : 0,\n\t\t\t\t\t\tspace           : 0,\n\t\t\t\t\t\tstart           : 1,\n\t\t\t\t\t\tgrabCursor      : true,\n\t\t\t\t\t\tswipe           : true,\n\t\t\t\t\t\tmouse           : true,\n\t\t\t\t\t\tlayout          : \"boxed\",\n\t\t\t\t\t\twheel           : false,\n\t\t\t\t\t\tautoplay        : false,\n\t\t\t\t\t\tinstantStartLayers:false,\n\t\t\t\t\t\tloop            : true,\n\t\t\t\t\t\tshuffle         : false,\n\t\t\t\t\t\tpreload         : 0,\n\t\t\t\t\t\theightLimit     : true,\n\t\t\t\t\t\tautoHeight      : false,\n\t\t\t\t\t\tsmoothHeight    : true,\n\t\t\t\t\t\tendPause        : false,\n\t\t\t\t\t\toverPause       : true,\n\t\t\t\t\t\tfillMode        : \"fill\",\n\t\t\t\t\t\tcenterControls  : true,\n\t\t\t\t\t\tstartOnAppear   : false,\n\t\t\t\t\t\tlayersMode      : \"center\",\n\t\t\t\t\t\thideLayers      : false,\n\t\t\t\t\t\tfullscreenMargin: 0,\n\t\t\t\t\t\tspeed           : 20,\n\t\t\t\t\t\tdir             : \"h\",\n\t\t\t\t\t\tparallaxMode    : 'swipe',\n\t\t\t\t\t\tview            : \"basic\"\n\t\t\t\t});\n\n\t\t\t\t\n\t\t\t\twindow.masterslider_instances = window.masterslider_instances || [];\n\t\t\t\twindow.masterslider_instances.push( masterslider_5564 );\n\t\t\t });\n\n\t\t})(jQuery);\n\t\t<\/script>\n\n\n<\/div>\n<\/div>\n\n\n\n<div class=\"wp-container-69f5c6c9331b3 wp-block-group\"><div class=\"wp-block-group__inner-container\">\n<ul><li><a href=\"https:\/\/drive.google.com\/file\/d\/15vkxWHMn9Tq5H6YK_r15YgccpED0rFC4\/view?usp=sharing\"><\/a><a href=\"https:\/\/drive.google.com\/file\/d\/1DoOhOyGs_cHYGkaLnVyh5LJ6EY51j7J_\/view?usp=sharing\">Atlas de Bot\u00e1nica<\/a><\/li><li><a href=\"https:\/\/drive.google.com\/file\/d\/1uCHchUdhGmru9jI0bmqM9dw5Q9OR0ddb\/view?usp=sharing\">Cact\u00e1ceas de M\u00e9xico<\/a><\/li><li><a href=\"https:\/\/drive.google.com\/file\/d\/1ivwgJszZ27y8tksdtGRbbxmNtNIpL-sS\/view?usp=sharing\">Vegetaci\u00f3n de M\u00e9xico<\/a><\/li><li><a href=\"https:\/\/drive.google.com\/file\/d\/1Ms-8txLzle09rFgd46aAyvQzBfUH4vak\/view?usp=sharing\">Sierra de Juarez<\/a><\/li><li><a href=\"https:\/\/drive.google.com\/file\/d\/1AiL4Nf6jLHFyGZGz4MWFbV1QY1gn6kQD\/view?usp=sharing\">La sexta extinci\u00f3n<\/a><\/li><li><a href=\"https:\/\/drive.google.com\/file\/d\/1ZmAMSQ62hAI3Mo6YfBjHytRbHvWYLpRf\/view?usp=sharing\">Las comunidades vegetales de M\u00e9xico<\/a><\/li><li><a href=\"https:\/\/drive.google.com\/file\/d\/13VguSsCt886hqkqguGwswtIYBaLwAdVd\/view?usp=sharing\">La vida secreta de las plantas<\/a><\/li><li><a href=\"https:\/\/drive.google.com\/file\/d\/1tXdtIMffwzSbcaI1yh-_zeiFlc8Dgx6d\/view?usp=sharing\">Biotic comunities of the American Southwest-United States and M\u00e9xico<\/a><\/li><li><a href=\"https:\/\/drive.google.com\/file\/d\/1CF5xMA3awUSnkpPLCzUbxbNGGFiD_8JD\/view?usp=sharing\">Manual de t\u00e9cnicas de selectas para la evaluaci\u00f3n de poblaciones de fauna silvestre de inter\u00e9s cineg\u00e9tico en Baja California<\/a><\/li><li><a href=\"https:\/\/drive.google.com\/file\/d\/151EfOzC3vVbQjWWnhgc0Lsf3aD_JE6tZ\/view?usp=sharing\">Modificaciones al sistema de clasificaci\u00f3n clim\u00e1tica de K\u00f6ppen<\/a><\/li><li><a href=\"https:\/\/drive.google.com\/file\/d\/13N5LuhZdGO7-GevAf8Y5GbSDaftIZwEJ\/view?usp=sharing\">Manual de t\u00e9cnicas de propagaci\u00f3n por semillas de 15 especies nativas arbustivas de la regi\u00f3n mediterr\u00e1nea de Baja California<\/a><\/li><li><a href=\"https:\/\/drive.google.com\/file\/d\/15vkxWHMn9Tq5H6YK_r15YgccpED0rFC4\/view?usp=sharing\">La vegetaci\u00f3n de la Pen\u00ednsula de Baja California<\/a><\/li><li><a rel=\"noreferrer noopener\" href=\"https:\/\/drive.google.com\/file\/d\/1uc2R2lg4yYmFmaQmSu2f7L5B17qEJI3k\/view?usp=sharing\" target=\"_blank\">El bosque de con\u00edferas de la Sierra de San Pedro M\u00e1rtir<\/a><\/li><li><a rel=\"noreferrer noopener\" href=\"https:\/\/drive.google.com\/file\/d\/1vBNu44GbMP_NHwBTdss_nICR6AIU0qEn\/view?usp=sharing\" target=\"_blank\">Gu\u00eda de plantas de la regi\u00f3n del matorral roset\u00f3filo costero suculento del noroeste de Baja California<\/a><\/li><li><a href=\"https:\/\/drive.google.com\/file\/d\/15G8Q2gXTbvn01nlCiZloGMfmAHfT5rgs\/view?usp=sharing\">Pisos de vegetaci\u00f3n de Baja California<\/a><\/li><li><a href=\"https:\/\/www.researchgate.net\/publication\/28268800_Fitogeografia_de_la_peninsula_de_Baja_California_Mexico\">Fitogeograf\u00eda de la Pen\u00ednsula de Baja California<\/a><\/li><li><a href=\"https:\/\/www.researchgate.net\/publication\/271964806_Catalogo_de_Humedales_Dulceacuicolas_de_Baja_California_Sur\">Cat\u00e1logo de Humedales Dulceacu\u00edcolas de Baja California Sur<\/a><\/li><li><a href=\"https:\/\/www.scielo.org.mx\/scielo.php?script=sci_arttext&amp;pid=S2007-42982013000400005\">Plantas no nativas naturalizadas de la Pen\u00ednsula de Baja California<\/a><\/li><li><a href=\"https:\/\/www.researchgate.net\/publication\/344015969_RELACIONES_BIOCLIMATICAS_Y_BIOGEOGRAFICAS_DE_LA_VEGETACION_POTENCIAL_A_LO_LARGO_DE_UN_DOBLE_MACROTRANSECTO_COSTA_A_COSTA_POR_EL_CENTRO_DE_ESTADOS_UNIDOS\">Relaciones bioclim\u00e1ticas y biogreogr\u00e1ficas de la vegetaci\u00f3n potencial a lo largo de un doble macrotransecto costa a costa por el centro de Estados Unidos<\/a><\/li><li><a href=\"https:\/\/www.researchgate.net\/publication\/327655056_El_conocimiento_floristico_actual_del_Noroeste_de_Mexico_Desarrollo_recuento_y_analisis_del_endemismo\">El conocimiento flor\u00edstico actual del Noroeste de M\u00e9xico: Desarrollo, recuento y an\u00e1lisis del endemismo<\/a><\/li><li><a href=\"https:\/\/www.researchgate.net\/publication\/302633705_PLANT_DIVERSITY_AND_ENDEMISM_IN_THE_CALIFORNIA_FLORISTIC_PROVINCE\">Plant Diversity and endemism in the California Floristic Province<\/a><\/li><li><a href=\"https:\/\/www.researchgate.net\/publication\/283644008_Phenotypic_variation_of_flowering_and_vegetative_morphological_traits_along_the_distribution_for_the_endemic_species_Yucca_capensis_Agavaceae\">Phenotypic variation of flowering and vegetative morphological traits along the distribution for the endemic species Yucca capensis (Agavaceae)<\/a><\/li><li><a href=\"https:\/\/www.researchgate.net\/publication\/281628234_RAPID_ECOLOGICAL_ASSESSMENT_AND_SUSTAINABLE_DESIGN_ALTERNATIVES_FOR_THE_SAN_DIEGO-TIJUANA-TECATE_CORRIDOR\">Rapid ecological assessment and sustainable design alternatives for the San Diego-Tijuana-Tecate corridor<\/a><\/li><li><a href=\"https:\/\/www.researchgate.net\/publication\/280684034_Vegetation_patterns_in_the_Mediterranean-desert_ecotone_of_Baja_California_Mexico\">Vegetation patterns in the Mediterranean-desert ecotone of Baja California, Mexico<\/a><\/li><li><a href=\"https:\/\/www.researchgate.net\/publication\/295559782_Potential_distribution_to_eight_alien_species_with_invasive_nature_in_the_state_of_Baja_California_Mexico\">Potential distribution to eight alien species with invasive nature in the state of Baja California, Mexico<\/a><\/li><li><a href=\"https:\/\/www.researchgate.net\/publication\/266613506_Clasificacion_Bioclimatica_de_la_vertiente_del_Pacifico_mexicano_y_su_relacion_con_la_vegetacion_potencial\">Clasificaci\u00f3n Bioclim\u00e1tica de la vertiente del Pac\u00edfico mexicano y su relaci\u00f3n con la vegetaci\u00f3n potencial<\/a><\/li><li><a href=\"https:\/\/www.researchgate.net\/publication\/264711381_Evidence_against_a_Pleistocene_desert_refugium_in_the_Lower_Colorado_River_Basin\">Evidence against a Pleistocene desert refugium in the Lower Colorado River Basin<\/a><\/li><li><a href=\"https:\/\/www.researchgate.net\/publication\/263669631_Conservation_challenges_in_a_threatened_hotspot_Agriculture_and_plant_biodiversity_losses_in_Baja_California_Mexico\">Conservation challenges in a threatened hotspot: Agriculture and plant biodiversity losses in Baja California, Mexico<\/a><\/li><li><a href=\"https:\/\/www.researchgate.net\/publication\/271964806_Catalogo_de_Humedales_Dulceacuicolas_de_Baja_California_Sur\">Cat\u00e1logo de Humedales Dulceacu\u00edcolas de Baja California Sur<\/a><\/li><li><a href=\"https:\/\/www.researchgate.net\/publication\/262366917_The_Effect_of_Feral_Dogs_and_Other_Alien_Species_on_Native_Mammals_of_Isla_de_Cedros_Mexico\">The Effect of Feral Dogs and Other Alien Species on Native Mammals of Isla de Cedros, Mexico<\/a><\/li><li><a href=\"https:\/\/www.researchgate.net\/publication\/257671924_Geographical_variation_in_population_demography_and_life_history_traits_of_Tecate_cypress_Hesperocyparis_forbesii_suggests_a_fire_regime_gradient_across_the_USA-Mexico_border\">Geographical variation in population demography and life history traits of Tecate cypress (Hesperocyparis forbesii) suggests a fire regime gradient across the USA\u2013Mexico border<\/a><\/li><li><a href=\"https:\/\/www.researchgate.net\/publication\/269690969_Charcas_temporales_en_Valle_de_las_Palmas_a_first_report_from_an_on-going_project_to_map_and_assess_the_vernal_pools_of_Baja_California_Mexico\">Charcas temporales en Valle de las Palmas: a first report from an on-going project to map and assess the vernal pools of Baja California, Mexico<\/a><\/li><li><a href=\"https:\/\/www.researchgate.net\/publication\/233177673_A_phytosociological_survey_of_the_dune_forests_of_the_Pacific_Northwest\">A phytosociological survey of the dune forests of the Pacific Northwest<\/a><\/li><li><a href=\"https:\/\/www.researchgate.net\/publication\/229995352_A_phytosociological_and_phytogeographical_survey_of_the_coastal_vegetation_of_western_North_America_Beach_and_dune_vegetation_from_Baja_California_to_Alaska\">A phytosociological and phytogeographical survey of the coastal vegetation of western North America: Beach and dune vegetation from Baja California to Alaska<\/a><\/li><li><a href=\"https:\/\/www.researchgate.net\/publication\/227230005_Zonobiomes_zonoecotones_and_azonal_vegetation_along_the_Pacific_coast_of_North_America\">Zonobiomes, zonoecotones and azonal vegetation along the Pacific coast of North America<\/a><\/li><\/ul>\n<\/div><\/div>\n","protected":false},"excerpt":{"rendered":"<p>Bibliograf\u00eda de inter\u00e9s Esta secci\u00f3n re\u00fane una bibliograf\u00eda de referencia sobre la flora y la vegetaci\u00f3n de Baja California, seleccionada por su rigor cient\u00edfico, relevancia hist\u00f3rica y utilidad pr\u00e1ctica para la investigaci\u00f3n bot\u00e1nica y ecol\u00f3gica de la regi\u00f3n. Incluye trabajos cl\u00e1sicos y estudios recientes que abordan la diversidad flor\u00edstica, la biogeograf\u00eda, la ecolog\u00eda de comunidades [&hellip;]<\/p>\n","protected":false},"author":3,"featured_media":0,"parent":0,"menu_order":0,"comment_status":"closed","ping_status":"closed","template":"","meta":[],"_links":{"self":[{"href":"https:\/\/ciencias.ens.uabc.mx\/herbario\/wp-json\/wp\/v2\/pages\/3155"}],"collection":[{"href":"https:\/\/ciencias.ens.uabc.mx\/herbario\/wp-json\/wp\/v2\/pages"}],"about":[{"href":"https:\/\/ciencias.ens.uabc.mx\/herbario\/wp-json\/wp\/v2\/types\/page"}],"author":[{"embeddable":true,"href":"https:\/\/ciencias.ens.uabc.mx\/herbario\/wp-json\/wp\/v2\/users\/3"}],"replies":[{"embeddable":true,"href":"https:\/\/ciencias.ens.uabc.mx\/herbario\/wp-json\/wp\/v2\/comments?post=3155"}],"version-history":[{"count":15,"href":"https:\/\/ciencias.ens.uabc.mx\/herbario\/wp-json\/wp\/v2\/pages\/3155\/revisions"}],"predecessor-version":[{"id":3222,"href":"https:\/\/ciencias.ens.uabc.mx\/herbario\/wp-json\/wp\/v2\/pages\/3155\/revisions\/3222"}],"wp:attachment":[{"href":"https:\/\/ciencias.ens.uabc.mx\/herbario\/wp-json\/wp\/v2\/media?parent=3155"}],"curies":[{"name":"wp","href":"https:\/\/api.w.org\/{rel}","templated":true}]}}